{"version":"1.0","provider_name":"B\u00fcrgeraktion Korber H\u00f6he e. V.","provider_url":"https:\/\/bakh.de\/wdp","author_name":"Uli","author_url":"https:\/\/bakh.de\/wdp\/author\/uli\/","title":"Ferienprogramm auf der Jugendfarm. - B\u00fcrgeraktion Korber H\u00f6he e. V.","type":"rich","width":600,"height":338,"html":"<blockquote class=\"wp-embedded-content\" data-secret=\"jhTQgv3fhR\"><a href=\"https:\/\/bakh.de\/wdp\/provisorische-eroeffnung-der-jugendfarm\/\">Ferienprogramm auf der Jugendfarm.<\/a><\/blockquote><iframe sandbox=\"allow-scripts\" security=\"restricted\" src=\"https:\/\/bakh.de\/wdp\/provisorische-eroeffnung-der-jugendfarm\/embed\/#?secret=jhTQgv3fhR\" width=\"600\" height=\"338\" title=\"&#8222;Ferienprogramm auf der Jugendfarm.&#8220; &#8211; B\u00fcrgeraktion Korber H\u00f6he e. V.\" data-secret=\"jhTQgv3fhR\" frameborder=\"0\" marginwidth=\"0\" marginheight=\"0\" scrolling=\"no\" class=\"wp-embedded-content\"><\/iframe><script type=\"text\/javascript\">\n\/* <![CDATA[ *\/\n\/*! This file is auto-generated *\/\n!function(d,l){\"use strict\";l.querySelector&&d.addEventListener&&\"undefined\"!=typeof URL&&(d.wp=d.wp||{},d.wp.receiveEmbedMessage||(d.wp.receiveEmbedMessage=function(e){var t=e.data;if((t||t.secret||t.message||t.value)&&!\/[^a-zA-Z0-9]\/.test(t.secret)){for(var s,r,n,a=l.querySelectorAll('iframe[data-secret=\"'+t.secret+'\"]'),o=l.querySelectorAll('blockquote[data-secret=\"'+t.secret+'\"]'),c=new RegExp(\"^https?:$\",\"i\"),i=0;i<o.length;i++)o[i].style.display=\"none\";for(i=0;i<a.length;i++)s=a[i],e.source===s.contentWindow&&(s.removeAttribute(\"style\"),\"height\"===t.message?(1e3<(r=parseInt(t.value,10))?r=1e3:~~r<200&&(r=200),s.height=r):\"link\"===t.message&&(r=new URL(s.getAttribute(\"src\")),n=new URL(t.value),c.test(n.protocol))&&n.host===r.host&&l.activeElement===s&&(d.top.location.href=t.value))}},d.addEventListener(\"message\",d.wp.receiveEmbedMessage,!1),l.addEventListener(\"DOMContentLoaded\",function(){for(var e,t,s=l.querySelectorAll(\"iframe.wp-embedded-content\"),r=0;r<s.length;r++)(t=(e=s[r]).getAttribute(\"data-secret\"))||(t=Math.random().toString(36).substring(2,12),e.src+=\"#?secret=\"+t,e.setAttribute(\"data-secret\",t)),e.contentWindow.postMessage({message:\"ready\",secret:t},\"*\")},!1)))}(window,document);\n\/\/# sourceURL=https:\/\/bakh.de\/wdp\/wp-includes\/js\/wp-embed.min.js\n\/* ]]> *\/\n<\/script>\n","description":"Mit einem Sommerferienprogramm wurde der provisorische Betrieb der Jugendfarm auf dem Finkenberg er\u00f6ffnet. Unter der Leitung von Karin Wieland, Mitarbeitern des Streuobstmobils und des Jugendfarmvereins Waiblingen gab es in den letzten beiden Ferienwochen zahlreiche Aktivit\u00e4ten f\u00fcr Kinder und Jugendliche. Ein ausf\u00fchrlicher Bericht steht auf der Seite des Jugendfarmvereins.","thumbnail_url":"http:\/\/bakh.de\/wdp\/wp-content\/uploads\/2014\/08\/k-DSC09277_3_4.jpg"}