{"version":"1.0","provider_name":"B\u00fcrgeraktion Korber H\u00f6he e. V.","provider_url":"https:\/\/bakh.de\/wdp","author_name":"Uli","author_url":"https:\/\/bakh.de\/wdp\/author\/uli\/","title":"Jugendfarm kommt auf den Finkenberg - B\u00fcrgeraktion Korber H\u00f6he e. V.","type":"rich","width":600,"height":338,"html":"<blockquote class=\"wp-embedded-content\" data-secret=\"tvQkXbsyYI\"><a href=\"https:\/\/bakh.de\/wdp\/jundendfarm-kommt-auf-den-finkenberg\/\">Jugendfarm kommt auf den Finkenberg<\/a><\/blockquote><iframe sandbox=\"allow-scripts\" security=\"restricted\" src=\"https:\/\/bakh.de\/wdp\/jundendfarm-kommt-auf-den-finkenberg\/embed\/#?secret=tvQkXbsyYI\" width=\"600\" height=\"338\" title=\"&#8222;Jugendfarm kommt auf den Finkenberg&#8220; &#8211; B\u00fcrgeraktion Korber H\u00f6he e. V.\" data-secret=\"tvQkXbsyYI\" frameborder=\"0\" marginwidth=\"0\" marginheight=\"0\" scrolling=\"no\" class=\"wp-embedded-content\"><\/iframe><script type=\"text\/javascript\">\n\/* <![CDATA[ *\/\n\/*! This file is auto-generated *\/\n!function(d,l){\"use strict\";l.querySelector&&d.addEventListener&&\"undefined\"!=typeof URL&&(d.wp=d.wp||{},d.wp.receiveEmbedMessage||(d.wp.receiveEmbedMessage=function(e){var t=e.data;if((t||t.secret||t.message||t.value)&&!\/[^a-zA-Z0-9]\/.test(t.secret)){for(var s,r,n,a=l.querySelectorAll('iframe[data-secret=\"'+t.secret+'\"]'),o=l.querySelectorAll('blockquote[data-secret=\"'+t.secret+'\"]'),c=new RegExp(\"^https?:$\",\"i\"),i=0;i<o.length;i++)o[i].style.display=\"none\";for(i=0;i<a.length;i++)s=a[i],e.source===s.contentWindow&&(s.removeAttribute(\"style\"),\"height\"===t.message?(1e3<(r=parseInt(t.value,10))?r=1e3:~~r<200&&(r=200),s.height=r):\"link\"===t.message&&(r=new URL(s.getAttribute(\"src\")),n=new URL(t.value),c.test(n.protocol))&&n.host===r.host&&l.activeElement===s&&(d.top.location.href=t.value))}},d.addEventListener(\"message\",d.wp.receiveEmbedMessage,!1),l.addEventListener(\"DOMContentLoaded\",function(){for(var e,t,s=l.querySelectorAll(\"iframe.wp-embedded-content\"),r=0;r<s.length;r++)(t=(e=s[r]).getAttribute(\"data-secret\"))||(t=Math.random().toString(36).substring(2,12),e.src+=\"#?secret=\"+t,e.setAttribute(\"data-secret\",t)),e.contentWindow.postMessage({message:\"ready\",secret:t},\"*\")},!1)))}(window,document);\n\/\/# sourceURL=https:\/\/bakh.de\/wdp\/wp-includes\/js\/wp-embed.min.js\n\/* ]]> *\/\n<\/script>\n","description":"Am Mitwoch, 19. Juni 2013 hat der Ausschuss f\u00fcr Bildung, Soziales und Verwaltung einstimmig den Beschluss gefasst die geplante Jugendfarm auf dem Finkenberg auf der Korber H\u00f6he einzurichten. Wenn es gut l\u00e4uft, k\u00f6nnte es im Fr\u00fchjahr 2014 losgehen (die Sitzungsvorlage mit dem Finanzierungsplan finden Sie hier). Der Verein Jugendfarm triff sich am Freitag 5.07.2013 um [&hellip;]","thumbnail_url":"http:\/\/bakh.de\/wdp\/wp-content\/gallery\/finkenberg_2011\/2011-07-finkbg-hock-010.jpg"}