{"version":"1.0","provider_name":"B\u00fcrgeraktion Korber H\u00f6he e. V.","provider_url":"https:\/\/bakh.de\/wdp","author_name":"Uli","author_url":"https:\/\/bakh.de\/wdp\/author\/uli\/","title":"Gr\u00fcner Daumen oder Stinkefinger? - B\u00fcrgeraktion Korber H\u00f6he e. V.","type":"rich","width":600,"height":338,"html":"<blockquote class=\"wp-embedded-content\" data-secret=\"4quWXEM7Bt\"><a href=\"https:\/\/bakh.de\/wdp\/gruener-daumen-oder-stinkefinger\/\">Gr\u00fcner Daumen oder Stinkefinger?<\/a><\/blockquote><iframe sandbox=\"allow-scripts\" security=\"restricted\" src=\"https:\/\/bakh.de\/wdp\/gruener-daumen-oder-stinkefinger\/embed\/#?secret=4quWXEM7Bt\" width=\"600\" height=\"338\" title=\"&#8222;Gr\u00fcner Daumen oder Stinkefinger?&#8220; &#8211; B\u00fcrgeraktion Korber H\u00f6he e. V.\" data-secret=\"4quWXEM7Bt\" frameborder=\"0\" marginwidth=\"0\" marginheight=\"0\" scrolling=\"no\" class=\"wp-embedded-content\"><\/iframe><script type=\"text\/javascript\">\n\/* <![CDATA[ *\/\n\/*! This file is auto-generated *\/\n!function(d,l){\"use strict\";l.querySelector&&d.addEventListener&&\"undefined\"!=typeof URL&&(d.wp=d.wp||{},d.wp.receiveEmbedMessage||(d.wp.receiveEmbedMessage=function(e){var t=e.data;if((t||t.secret||t.message||t.value)&&!\/[^a-zA-Z0-9]\/.test(t.secret)){for(var s,r,n,a=l.querySelectorAll('iframe[data-secret=\"'+t.secret+'\"]'),o=l.querySelectorAll('blockquote[data-secret=\"'+t.secret+'\"]'),c=new RegExp(\"^https?:$\",\"i\"),i=0;i<o.length;i++)o[i].style.display=\"none\";for(i=0;i<a.length;i++)s=a[i],e.source===s.contentWindow&&(s.removeAttribute(\"style\"),\"height\"===t.message?(1e3<(r=parseInt(t.value,10))?r=1e3:~~r<200&&(r=200),s.height=r):\"link\"===t.message&&(r=new URL(s.getAttribute(\"src\")),n=new URL(t.value),c.test(n.protocol))&&n.host===r.host&&l.activeElement===s&&(d.top.location.href=t.value))}},d.addEventListener(\"message\",d.wp.receiveEmbedMessage,!1),l.addEventListener(\"DOMContentLoaded\",function(){for(var e,t,s=l.querySelectorAll(\"iframe.wp-embedded-content\"),r=0;r<s.length;r++)(t=(e=s[r]).getAttribute(\"data-secret\"))||(t=Math.random().toString(36).substring(2,12),e.src+=\"#?secret=\"+t,e.setAttribute(\"data-secret\",t)),e.contentWindow.postMessage({message:\"ready\",secret:t},\"*\")},!1)))}(window,document);\n\/\/# sourceURL=https:\/\/bakh.de\/wdp\/wp-includes\/js\/wp-embed.min.js\n\/* ]]> *\/\n<\/script>\n","description":"Gemeinsam mit Baub\u00fcrgermeisterin Birgit Priebe wollen wir \u00fcber das geplante Hochhaus auf der Korber H\u00f6he II diskutieren. Frau Priebe wird \u00fcber den Beschluss des Gemeinderats, die geplante Gestaltung und die Ausschreibung berichten. Alle Bewohner der Korber H\u00f6he sind herzlich eingeladen im Korber-H\u00f6he-Treff im Mikrozentrum \u00fcber das geplante Bauvorhaben zu diskutieren.","thumbnail_url":"http:\/\/bakh.de\/wdp\/wp-content\/uploads\/2016\/04\/arabella.jpg"}